{"id":8122,"date":"2021-12-21T19:58:45","date_gmt":"2021-12-21T18:58:45","guid":{"rendered":""},"modified":"2023-02-13T22:42:50","modified_gmt":"2023-02-13T21:42:50","slug":"%d8%a7%d9%84%d9%84%d9%82%d8%a7%d8%a1%d8%a7%d8%aa-%d9%88%d8%a3%d9%85%d8%a7%d9%83%d9%86-%d8%a7%d9%84%d9%84%d9%82%d8%a7%d8%a1","status":"publish","type":"page","link":"https:\/\/bamigra.de\/ar\/%d8%a7%d9%84%d9%85%d9%88%d8%a7%d8%b6%d9%8a%d8%b9\/%d8%a7%d9%84%d8%ad%d9%8a%d8%a7%d8%a9-%d8%a7%d9%84%d9%8a%d9%88%d9%85%d9%8a%d8%a9\/%d8%a7%d9%84%d9%84%d9%82%d8%a7%d8%a1%d8%a7%d8%aa-%d9%88%d8%a3%d9%85%d8%a7%d9%83%d9%86-%d8%a7%d9%84%d9%84%d9%82%d8%a7%d8%a1\/","title":{"rendered":"\u0627\u0644\u0644\u0642\u0627\u0621\u0627\u062a \u0648\u0623\u0645\u0627\u0643\u0646 \u0627\u0644\u0644\u0642\u0627\u0621"},"content":{"rendered":"\t\t<div data-elementor-type=\"wp-page\" data-elementor-id=\"8122\" class=\"elementor elementor-8122 elementor-5913\" data-elementor-post-type=\"page\">\n\t\t\t\t\t\t<section class=\"elementor-section elementor-top-section elementor-element elementor-element-f34ab3a elementor-section-height-min-height elementor-section-boxed elementor-section-height-default elementor-section-items-middle\" data-id=\"f34ab3a\" data-element_type=\"section\" data-e-type=\"section\" data-settings=\"{&quot;background_background&quot;:&quot;classic&quot;,&quot;shape_divider_bottom&quot;:&quot;mountains&quot;}\">\n\t\t\t\t\t\t\t<div class=\"elementor-background-overlay\"><\/div>\n\t\t\t\t\t\t<div class=\"elementor-shape elementor-shape-bottom\" aria-hidden=\"true\" data-negative=\"false\">\n\t\t\t<svg xmlns=\"http:\/\/www.w3.org\/2000\/svg\" viewBox=\"0 0 1000 100\" preserveAspectRatio=\"none\">\n\t<path class=\"elementor-shape-fill\" opacity=\"0.33\" d=\"M473,67.3c-203.9,88.3-263.1-34-320.3,0C66,119.1,0,59.7,0,59.7V0h1000v59.7 c0,0-62.1,26.1-94.9,29.3c-32.8,3.3-62.8-12.3-75.8-22.1C806,49.6,745.3,8.7,694.9,4.7S492.4,59,473,67.3z\"\/>\n\t<path class=\"elementor-shape-fill\" opacity=\"0.66\" d=\"M734,67.3c-45.5,0-77.2-23.2-129.1-39.1c-28.6-8.7-150.3-10.1-254,39.1 s-91.7-34.4-149.2,0C115.7,118.3,0,39.8,0,39.8V0h1000v36.5c0,0-28.2-18.5-92.1-18.5C810.2,18.1,775.7,67.3,734,67.3z\"\/>\n\t<path class=\"elementor-shape-fill\" d=\"M766.1,28.9c-200-57.5-266,65.5-395.1,19.5C242,1.8,242,5.4,184.8,20.6C128,35.8,132.3,44.9,89.9,52.5C28.6,63.7,0,0,0,0 h1000c0,0-9.9,40.9-83.6,48.1S829.6,47,766.1,28.9z\"\/>\n<\/svg>\t\t<\/div>\n\t\t\t\t\t<div class=\"elementor-container elementor-column-gap-no\">\n\t\t\t\t\t<div class=\"elementor-column elementor-col-50 elementor-top-column elementor-element elementor-element-d979d54\" data-id=\"d979d54\" data-element_type=\"column\" data-e-type=\"column\">\n\t\t\t<div class=\"elementor-widget-wrap elementor-element-populated\">\n\t\t\t\t\t\t<div class=\"elementor-element elementor-element-70e812b elementor-widget elementor-widget-heading\" data-id=\"70e812b\" data-element_type=\"widget\" data-e-type=\"widget\" data-widget_type=\"heading.default\">\n\t\t\t\t<div class=\"elementor-widget-container\">\n\t\t\t\t\t<h1 class=\"elementor-heading-title elementor-size-default\">\u0627\u0644\u0644\u0642\u0627\u0621\u0627\u062a \u0648\u0623\u0645\u0627\u0643\u0646 \u0627\u0644\u0644\u0642\u0627\u0621<\/h1>\t\t\t\t<\/div>\n\t\t\t\t<\/div>\n\t\t\t\t<div class=\"elementor-element elementor-element-1942356 elementor-widget-divider--view-line elementor-widget elementor-widget-divider\" data-id=\"1942356\" data-element_type=\"widget\" data-e-type=\"widget\" data-widget_type=\"divider.default\">\n\t\t\t\t<div class=\"elementor-widget-container\">\n\t\t\t\t\t\t\t<div class=\"elementor-divider\">\n\t\t\t<span class=\"elementor-divider-separator\">\n\t\t\t\t\t\t<\/span>\n\t\t<\/div>\n\t\t\t\t\t\t<\/div>\n\t\t\t\t<\/div>\n\t\t\t\t<div class=\"elementor-element elementor-element-c935934 elementor-widget elementor-widget-text-editor\" data-id=\"c935934\" data-element_type=\"widget\" data-e-type=\"widget\" data-widget_type=\"text-editor.default\">\n\t\t\t\t<div class=\"elementor-widget-container\">\n\t\t\t\t\t\t\t\t\t<p data-pm-slice=\"1 1 []\">\u0644\u0627 \u062a\u0631\u064a\u062f \u0623\u0646 \u062a\u0643\u0648\u0646 \u0628\u0645\u0641\u0631\u062f\u0643\u060c \u0648\u0625\u0646\u0645\u0627 \u062a\u0631\u064a\u062f \u0627\u0644\u062a\u0639\u0631\u0641 \u0639\u0644\u0649 \u0627\u0644\u0646\u0627\u0633\u061f \u0633\u062a\u062c\u062f \u0647\u0646\u0627 \u0623\u0645\u0627\u0643\u0646 \u064a\u0645\u0643\u0646\u0643 \u0641\u064a\u0647\u0627 \u0642\u0636\u0627\u0621 \u0648\u0642\u062a\u0643 \u0645\u0639 \u0623\u0634\u062e\u0627\u0635 \u0622\u062e\u0631\u064a\u0646. \u0633\u062a\u062c\u062f \u0627\u0644\u0645\u0633\u0627\u0639\u062f\u0629\u060c \u0648\u0644\u0643\u0646\u0643 \u0633\u062a\u062c\u062f \u0623\u064a\u0636\u0627\u064b \u0639\u0631\u0648\u0636 \u0631\u0627\u0626\u0639\u0629 \u0644\u0648\u0642\u062a \u0641\u0631\u0627\u063a\u0643 \u0648\u0631\u0628\u0645\u0627 \u0623\u0635\u062f\u0642\u0627\u0621 \u062c\u062f\u062f!<\/p>\n\t\t\t\t\t\t\t\t<\/div>\n\t\t\t\t<\/div>\n\t\t\t\t\t<\/div>\n\t\t<\/div>\n\t\t\t\t<div class=\"elementor-column elementor-col-50 elementor-top-column elementor-element elementor-element-d7f2d00\" data-id=\"d7f2d00\" data-element_type=\"column\" data-e-type=\"column\">\n\t\t\t<div class=\"elementor-widget-wrap elementor-element-populated\">\n\t\t\t\t\t\t<div class=\"elementor-element elementor-element-2fd74e6 elementor-widget elementor-widget-table-of-contents\" data-id=\"2fd74e6\" data-element_type=\"widget\" data-e-type=\"widget\" data-settings=\"{&quot;exclude_headings_by_selector&quot;:[],&quot;headings_by_tags&quot;:[&quot;h2&quot;,&quot;h3&quot;,&quot;h4&quot;,&quot;h5&quot;,&quot;h6&quot;],&quot;marker_view&quot;:&quot;numbers&quot;,&quot;no_headings_message&quot;:&quot;No headings were found on this page.&quot;,&quot;hierarchical_view&quot;:&quot;yes&quot;,&quot;min_height&quot;:{&quot;unit&quot;:&quot;px&quot;,&quot;size&quot;:&quot;&quot;,&quot;sizes&quot;:[]},&quot;min_height_tablet&quot;:{&quot;unit&quot;:&quot;px&quot;,&quot;size&quot;:&quot;&quot;,&quot;sizes&quot;:[]},&quot;min_height_mobile&quot;:{&quot;unit&quot;:&quot;px&quot;,&quot;size&quot;:&quot;&quot;,&quot;sizes&quot;:[]}}\" data-widget_type=\"table-of-contents.default\">\n\t\t\t\t<div class=\"elementor-widget-container\">\n\t\t\t\t\t\t\t\t\t<div class=\"elementor-toc__header\">\n\t\t\t\t\t\t<h2 class=\"elementor-toc__header-title\">\n\t\t\t\t\u0645\u062d\u062a\u0648\u0649 \u0627\u0644\u0635\u0641\u062d\u0629\t\t\t<\/h2>\n\t\t\t\t\t\t\t\t<\/div>\n\t\t\t\t<div id=\"elementor-toc__2fd74e6\" class=\"elementor-toc__body\">\n\t\t\t<div class=\"elementor-toc__spinner-container\">\n\t\t\t\t<i class=\"elementor-toc__spinner eicon-animation-spin eicon-loading\" aria-hidden=\"true\"><\/i>\t\t\t<\/div>\n\t\t<\/div>\n\t\t\t\t\t\t<\/div>\n\t\t\t\t<\/div>\n\t\t\t\t\t<\/div>\n\t\t<\/div>\n\t\t\t\t\t<\/div>\n\t\t<\/section>\n\t\t\t\t<section class=\"elementor-section elementor-top-section elementor-element elementor-element-6f6271d elementor-section-boxed elementor-section-height-default elementor-section-height-default\" data-id=\"6f6271d\" data-element_type=\"section\" data-e-type=\"section\">\n\t\t\t\t\t\t<div class=\"elementor-container elementor-column-gap-default\">\n\t\t\t\t\t<div class=\"elementor-column elementor-col-100 elementor-top-column elementor-element elementor-element-34499a7\" data-id=\"34499a7\" data-element_type=\"column\" data-e-type=\"column\">\n\t\t\t<div class=\"elementor-widget-wrap elementor-element-populated\">\n\t\t\t\t\t\t<div class=\"elementor-element elementor-element-4c5ae68 elementor-widget elementor-widget-heading\" data-id=\"4c5ae68\" data-element_type=\"widget\" data-e-type=\"widget\" data-widget_type=\"heading.default\">\n\t\t\t\t<div class=\"elementor-widget-container\">\n\t\t\t\t\t<h2 class=\"elementor-heading-title elementor-size-default\">Blaue Frieda \u2013 \u0645\u0631\u0643\u0632 \u0644\u0642\u0627\u0621\u0627\u062a \u0628\u064a\u0646 \u0627\u0644\u062b\u0642\u0627\u0641\u0627\u062a<\/h2>\t\t\t\t<\/div>\n\t\t\t\t<\/div>\n\t\t\t\t<div class=\"elementor-element elementor-element-26b216f elementor-widget elementor-widget-text-editor\" data-id=\"26b216f\" data-element_type=\"widget\" data-e-type=\"widget\" data-widget_type=\"text-editor.default\">\n\t\t\t\t<div class=\"elementor-widget-container\">\n\t\t\t\t\t\t\t\t\t<p data-pm-slice=\"1 1 []\">Blaue Frieda \u0647\u0648 \u0645\u0646\u0632\u0644 Freund statt Fremd. \u0625\u0646\u0647 \u0645\u0643\u0627\u0646 \u0645\u0644\u064a\u0621 \u0628\u0627\u0644\u0644\u0642\u0627\u0621\u0627\u062a\u060c \u0627\u0644\u0644\u063a\u0627\u062a\u060c \u0627\u0644\u0627\u0633\u062a\u0634\u0627\u0631\u0627\u062a\u060c \u0645\u0642\u0647\u0649\u060c \u0627\u0644\u0637\u0639\u0627\u0645 \u0627\u0644\u062c\u064a\u062f \u0648\u0627\u0644\u0639\u062f\u064a\u062f \u0645\u0646 \u0627\u0644\u0641\u0639\u0627\u0644\u064a\u0627\u062a. \u0625\u0630\u0627 \u0643\u0627\u0646 \u0644\u062f\u064a\u0643 \u0623\u064a \u0623\u0633\u0626\u0644\u0629 \u0623\u0648 \u0643\u0646\u062a \u0628\u062d\u0627\u062c\u0629 \u0625\u0644\u0649 \u0645\u0633\u0627\u0639\u062f\u0629\u060c \u062a\u0641\u0636\u0644 \u0628\u0627\u0644\u0642\u062f\u0648\u0645 \u0625\u0644\u0649 Blaue Frieda!<\/p>\n\t\t\t\t\t\t\t\t<\/div>\n\t\t\t\t<\/div>\n\t\t\t\t<div class=\"elementor-element elementor-element-1cbb767 elementor-widget elementor-widget-accordion\" data-id=\"1cbb767\" data-element_type=\"widget\" data-e-type=\"widget\" data-widget_type=\"accordion.default\">\n\t\t\t\t<div class=\"elementor-widget-container\">\n\t\t\t\t\t\t\t<div class=\"elementor-accordion\">\n\t\t\t\t\t\t\t<div class=\"elementor-accordion-item\">\n\t\t\t\t\t<div id=\"elementor-tab-title-3011\" class=\"elementor-tab-title\" data-tab=\"1\" role=\"button\" aria-controls=\"elementor-tab-content-3011\" aria-expanded=\"false\">\n\t\t\t\t\t\t\t\t\t\t\t\t\t<span class=\"elementor-accordion-icon elementor-accordion-icon-right\" aria-hidden=\"true\">\n\t\t\t\t\t\t\t\t\t\t\t\t\t\t\t<span class=\"elementor-accordion-icon-closed\"><i class=\"far fa-address-book\"><\/i><\/span>\n\t\t\t\t\t\t\t\t<span class=\"elementor-accordion-icon-opened\"><i class=\"far fa-address-book\"><\/i><\/span>\n\t\t\t\t\t\t\t\t\t\t\t\t\t\t<\/span>\n\t\t\t\t\t\t\t\t\t\t\t\t<a class=\"elementor-accordion-title\" tabindex=\"0\">.Blaue Frieda - Freund statt fremd e. V<\/a>\n\t\t\t\t\t<\/div>\n\t\t\t\t\t<div id=\"elementor-tab-content-3011\" class=\"elementor-tab-content elementor-clearfix\" data-tab=\"1\" role=\"region\" aria-labelledby=\"elementor-tab-title-3011\"><p data-pm-slice=\"1 1 []\">Sch\u00fctzenstra\u00dfe 2a<br \/>96047 Bamberg<\/p>\n<p>0951 \/ 91 41 89 35<br \/><a href=\"mailto:kontakt@freundstattfremd.de\" target=\"_blank\" rel=\"noopener\">kontakt@freundstattfremd.de<\/a><\/p>\n<p><a title=\"https:\/\/freundstattfremd.de\/blaue-frieda\/\" href=\"https:\/\/freundstattfremd.de\/blaue-frieda\/\" rel=\"noopener noreferrer nofollow\">https:\/\/freundstattfremd.de\/blaue-frieda\/<\/a><\/p>\n<p><a title=\"https:\/\/de-de.facebook.com\/freundstattfremd\/\" href=\"https:\/\/de-de.facebook.com\/freundstattfremd\/\" rel=\"noopener noreferrer nofollow\">https:\/\/de-de.facebook.com\/freundstattfremd\/<\/a><\/p>\n<p><a title=\"https:\/\/www.instagram.com\/blauefrieda_bamberg\/\" href=\"https:\/\/www.instagram.com\/blauefrieda_bamberg\/\" rel=\"noopener noreferrer nofollow\">https:\/\/www.instagram.com\/blauefrieda_bamberg\/<\/a><\/p>\n<\/div>\n\t\t\t\t<\/div>\n\t\t\t\t\t\t\t\t<\/div>\n\t\t\t\t\t\t<\/div>\n\t\t\t\t<\/div>\n\t\t\t\t<div class=\"elementor-element elementor-element-b9f4ef7 elementor-widget elementor-widget-heading\" data-id=\"b9f4ef7\" data-element_type=\"widget\" data-e-type=\"widget\" data-widget_type=\"heading.default\">\n\t\t\t\t<div class=\"elementor-widget-container\">\n\t\t\t\t\t<h2 class=\"elementor-heading-title elementor-size-default\">\u0645\u0646\u0627\u0632\u0644 \u0645\u062a\u0639\u062f\u062f\u0629 \u0627\u0644\u0623\u062c\u064a\u0627\u0644 Mehrgenerationenh\u00e4user<\/h2>\t\t\t\t<\/div>\n\t\t\t\t<\/div>\n\t\t\t\t<div class=\"elementor-element elementor-element-67477b68 elementor-widget elementor-widget-text-editor\" data-id=\"67477b68\" data-element_type=\"widget\" data-e-type=\"widget\" data-widget_type=\"text-editor.default\">\n\t\t\t\t<div class=\"elementor-widget-container\">\n\t\t\t\t\t\t\t\t\t<p>\u064a\u0648\u062c\u062f \u0641\u064a \u0647\u0630\u0647 \u0627\u0644\u0623\u0645\u0627\u0643\u0646 \u0627\u0644\u0639\u062f\u064a\u062f \u0645\u0646 \u0627\u0644\u0639\u0631\u0648\u0636 \u0627\u0644\u0645\u062e\u062a\u0644\u0641\u0629 \u0644\u0644\u0635\u063a\u0627\u0631 \u0648\u0627\u0644\u0643\u0628\u0627\u0631.<\/p>\n<ul>\n<li>\u064a\u0648\u062c\u062f \u0641\u064a Malerviertel \u0646\u0642\u0637\u0629 \u0627\u0644\u062a\u0642\u0627\u0621 \u0627\u0644\u0639\u0627\u0626\u0644\u0629 L\u00f6wenzahn \u0645\u0639 \u0645\u0643\u0627\u0646 \u0644\u0642\u0627\u0621 \u0645\u0641\u062a\u0648\u062d \u0648\u0645\u0642\u0647\u0649 \u0627\u0644\u0644\u063a\u0627\u062a \u0648\u0645\u062c\u0645\u0648\u0639\u0629 \u0627\u0644\u0623\u0645 &#8211; \u0627\u0644\u0623\u0628 &#8211; \u0627\u0644\u0637\u0641\u0644.<\/li>\n<li>\u0641\u064a \u0634\u0631\u0642 \u0628\u0627\u0645\u0628\u0631\u063a \u0633\u0648\u0641 \u062a\u062c\u062f \u0645\u0646\u0632\u0644 \u0628\u0627\u0645\u0628\u0631\u063a \u0645\u062a\u0639\u062f\u062f \u0627\u0644\u0623\u062c\u064a\u0627\u0644 &#8220;M\u00fctterzentrum K\u00e4nguruh&#8221;. \u0647\u0646\u0627\u0643 \u0633\u062a\u062c\u062f \u0641\u0637\u0648\u0631 \u062a\u0631\u0643\u064a\u060c \u0627\u0633\u062a\u0634\u0627\u0631\u0629 \u0644\u0643\u0628\u0627\u0631 \u0627\u0644\u0633\u0646\u060c \u0645\u062a\u062c\u0631 \u0644\u0628\u064a\u0639 \u0627\u0644\u0623\u0634\u064a\u0627\u0621 \u0627\u0644\u0645\u0633\u062a\u0639\u0645\u0644\u0629\u060c \u0644\u0642\u0627\u0621 \u0644\u0644\u0623\u0637\u0641\u0627\u0644 \u0627\u0644\u0635\u063a\u0627\u0631\u060c \u062f\u0631\u0648\u0633 \u062e\u0635\u0648\u0635\u064a\u0629\u060c \u0645\u0633\u0627\u0639\u062f\u0629 \u0644\u062a\u062f\u0628\u064a\u0631 \u0627\u0644\u0645\u0646\u0632\u0644 \u0648\u063a\u064a\u0631 \u0630\u0644\u0643 \u0627\u0644\u0643\u062b\u064a\u0631.<\/li>\n<li>\u064a\u0635\u0641 \u0645\u0643\u0627\u0646 \u0627\u0644\u0644\u0642\u0627\u0621 Horst Bieger \u0641\u064a \u0648\u0633\u0637 Memmelsdorf \u0646\u0641\u0633\u0647 \u0639\u0644\u0649 \u0627\u0644\u0646\u062d\u0648 \u0627\u0644\u062a\u0627\u0644\u064a: &#8220;\u0645\u0643\u0627\u0646 \u064a\u0636\u062d\u0643 \u0641\u064a\u0647 \u0627\u0644\u0643\u062b\u064a\u0631 \u0645\u0646 \u0627\u0644\u0646\u0627\u0633 \u0648\u064a\u0644\u0639\u0628\u0648\u0646 \u0648\u064a\u0634\u062a\u063a\u0644\u0648\u0646 \u0628\u0627\u0644\u062d\u0631\u0641 \u0627\u0644\u064a\u062f\u0648\u064a\u0629 \u0648\u064a\u0642\u0631\u0624\u0648\u0646 \u0633\u0648\u064a\u0627\u064b. \u0645\u0643\u0627\u0646 \u064a\u062a\u0645 \u0641\u064a\u0647 \u0645\u0634\u0627\u0631\u0643\u0629 \u0627\u0644\u062d\u064a\u0627\u0629\u060c \u0648\u0647\u0646\u0627\u0643 \u0648\u0642\u062a \u0644\u0644\u0627\u0633\u062a\u0645\u0627\u0639 \u0648\u0644\u0644\u0645\u062d\u0627\u062f\u062b\u0629 \u0648\u0644\u0644\u0623\u0641\u0643\u0627\u0631 \u0627\u0644\u0625\u0628\u062f\u0627\u0639\u064a\u0629. \u0645\u0643\u0627\u0646 \u064a\u0631\u063a\u0628 \u0627\u0644\u0634\u062e\u0635 \u0641\u064a \u0627\u0644\u0628\u0642\u0627\u0621 \u0641\u064a\u0647 \u0648\u0627\u0644\u062a\u0648\u0627\u0635\u0644 &#8220;.<\/li>\n<li>\u064a\u0648\u062c\u062f \u0641\u064a Strullendorf \u0645\u0646\u0632\u0644 Strullendorf \u0645\u062a\u0639\u062f\u062f \u0627\u0644\u0623\u062c\u064a\u0627\u0644 \u0645\u0639 \u0644\u0642\u0627\u0621 \u064a\u0648\u0645 \u0645\u0641\u062a\u0648\u062d \u0648\u0639\u0631\u0648\u0636 \u0645\u062a\u0646\u0648\u0639\u0629 \u0645\u062b\u0644 \u0645\u062c\u0645\u0648\u0639\u0629 Krabbelgruppe (\u0644\u0644\u0623\u0637\u0641\u0627\u0644 \u0627\u0644\u0635\u063a\u0627\u0631)\u060c \u0627\u0644\u064a\u0648\u063a\u0627 \u0623\u0648 \u0627\u0644\u0623\u0644\u0639\u0627\u0628 \u0627\u0644\u062c\u0645\u0627\u0639\u064a\u0629 \u0644\u0643\u0644 \u0645\u0646 \u064a\u0639\u064a\u0634 \u0641\u064a Strullendorf.<\/li>\n<\/ul>\n\t\t\t\t\t\t\t\t<\/div>\n\t\t\t\t<\/div>\n\t\t\t\t<div class=\"elementor-element elementor-element-54e1462c elementor-widget elementor-widget-accordion\" data-id=\"54e1462c\" data-element_type=\"widget\" data-e-type=\"widget\" data-widget_type=\"accordion.default\">\n\t\t\t\t<div class=\"elementor-widget-container\">\n\t\t\t\t\t\t\t<div class=\"elementor-accordion\">\n\t\t\t\t\t\t\t<div class=\"elementor-accordion-item\">\n\t\t\t\t\t<div id=\"elementor-tab-title-1421\" class=\"elementor-tab-title\" data-tab=\"1\" role=\"button\" aria-controls=\"elementor-tab-content-1421\" aria-expanded=\"false\">\n\t\t\t\t\t\t\t\t\t\t\t\t\t<span class=\"elementor-accordion-icon elementor-accordion-icon-right\" aria-hidden=\"true\">\n\t\t\t\t\t\t\t\t\t\t\t\t\t\t\t<span class=\"elementor-accordion-icon-closed\"><i class=\"far fa-address-book\"><\/i><\/span>\n\t\t\t\t\t\t\t\t<span class=\"elementor-accordion-icon-opened\"><i class=\"far fa-address-book\"><\/i><\/span>\n\t\t\t\t\t\t\t\t\t\t\t\t\t\t<\/span>\n\t\t\t\t\t\t\t\t\t\t\t\t<a class=\"elementor-accordion-title\" tabindex=\"0\">Bamberg Malerviertel: Familientreff L\u00f6wenzahn<\/a>\n\t\t\t\t\t<\/div>\n\t\t\t\t\t<div id=\"elementor-tab-content-1421\" class=\"elementor-tab-content elementor-clearfix\" data-tab=\"1\" role=\"region\" aria-labelledby=\"elementor-tab-title-1421\"><p data-pm-slice=\"1 1 []\">Katzheimerstra\u00dfe 3<br \/>96050 Bamberg<\/p>\n<p data-pm-slice=\"1 1 []\">0951 \/ 20 83 68 8<br \/>familientreff-loewenzahn@dwbf.de<\/p>\n<p><a title=\"https:\/\/www.dwbf.de\/familientreff-loewenzahn\/\" href=\"https:\/\/www.dwbf.de\/familientreff-loewenzahn\/\" rel=\"noopener noreferrer nofollow\">https:\/\/www.dwbf.de\/familientreff-loewenzahn\/<\/a> (\u0627\u0644\u0645\u0632\u064a\u062f \u0645\u0646 \u0627\u0644\u0645\u0639\u0644\u0648\u0645\u0627\u062a)<br \/><a title=\"https:\/\/stadtteilmanagement-bamberg.de\/starkenfeld\/#bewohner\" href=\"https:\/\/stadtteilmanagement-bamberg.de\/starkenfeld\/#bewohner\" rel=\"noopener noreferrer nofollow\">https:\/\/stadtteilmanagement-bamberg.de\/starkenfeld\/#bewohner<\/a> (\u0627\u0644\u0639\u0631\u0648\u0636 \u0627\u0644\u062d\u0627\u0644\u064a\u0629)<\/p>\n<\/div>\n\t\t\t\t<\/div>\n\t\t\t\t\t\t\t<div class=\"elementor-accordion-item\">\n\t\t\t\t\t<div id=\"elementor-tab-title-1422\" class=\"elementor-tab-title\" data-tab=\"2\" role=\"button\" aria-controls=\"elementor-tab-content-1422\" aria-expanded=\"false\">\n\t\t\t\t\t\t\t\t\t\t\t\t\t<span class=\"elementor-accordion-icon elementor-accordion-icon-right\" aria-hidden=\"true\">\n\t\t\t\t\t\t\t\t\t\t\t\t\t\t\t<span class=\"elementor-accordion-icon-closed\"><i class=\"far fa-address-book\"><\/i><\/span>\n\t\t\t\t\t\t\t\t<span class=\"elementor-accordion-icon-opened\"><i class=\"far fa-address-book\"><\/i><\/span>\n\t\t\t\t\t\t\t\t\t\t\t\t\t\t<\/span>\n\t\t\t\t\t\t\t\t\t\t\t\t<a class=\"elementor-accordion-title\" tabindex=\"0\">Bamberg Ost: M\u00fctterzentrum K\u00e4nguruh<\/a>\n\t\t\t\t\t<\/div>\n\t\t\t\t\t<div id=\"elementor-tab-content-1422\" class=\"elementor-tab-content elementor-clearfix\" data-tab=\"2\" role=\"region\" aria-labelledby=\"elementor-tab-title-1422\"><p data-pm-slice=\"1 1 []\">Heinrich-Weber-Platz 10<br \/>96052 Bamberg<br \/>0951 \/ 40 81 31 7<br \/><a title=\"mailto:info@mz-kaenguruh.de\" href=\"mailto:info@mz-kaenguruh.de\" rel=\"noopener noreferrer nofollow\">info@mz-kaenguruh.de<\/a><\/p>\n<p><a title=\"https:\/\/www.mz-kaenguruh.de\/\" href=\"https:\/\/www.mz-kaenguruh.de\/\" rel=\"noopener noreferrer nofollow\">https:\/\/www.mz-kaenguruh.de\/<\/a><\/p>\n<p><a title=\"https:\/\/www.mehrgenerationenhaeuser.de\/mehrgenerationenhaeuser\/haeuser-in-ihrer-naehe\/steckbrief-mehrgenerationenhaus\/frauen-muetter-treffpunkt-kaenguruh\" href=\"https:\/\/www.mehrgenerationenhaeuser.de\/mehrgenerationenhaeuser\/haeuser-in-ihrer-naehe\/steckbrief-mehrgenerationenhaus\/frauen-muetter-treffpunkt-kaenguruh\" rel=\"noopener noreferrer nofollow\">https:\/\/www.mehrgenerationenhaeuser.de\/mehrgenerationenhaeuser\/haeuser-in-ihrer-naehe\/steckbrief-mehrgenerationenhaus\/frauen-muetter-treffpunkt-kaenguruh<\/a><\/p>\n<\/div>\n\t\t\t\t<\/div>\n\t\t\t\t\t\t\t<div class=\"elementor-accordion-item\">\n\t\t\t\t\t<div id=\"elementor-tab-title-1423\" class=\"elementor-tab-title\" data-tab=\"3\" role=\"button\" aria-controls=\"elementor-tab-content-1423\" aria-expanded=\"false\">\n\t\t\t\t\t\t\t\t\t\t\t\t\t<span class=\"elementor-accordion-icon elementor-accordion-icon-right\" aria-hidden=\"true\">\n\t\t\t\t\t\t\t\t\t\t\t\t\t\t\t<span class=\"elementor-accordion-icon-closed\"><i class=\"far fa-address-book\"><\/i><\/span>\n\t\t\t\t\t\t\t\t<span class=\"elementor-accordion-icon-opened\"><i class=\"far fa-address-book\"><\/i><\/span>\n\t\t\t\t\t\t\t\t\t\t\t\t\t\t<\/span>\n\t\t\t\t\t\t\t\t\t\t\t\t<a class=\"elementor-accordion-title\" tabindex=\"0\">Memmelsdorf: Horst-Bieger-Begegnungsst\u00e4tte Mittendrin<\/a>\n\t\t\t\t\t<\/div>\n\t\t\t\t\t<div id=\"elementor-tab-content-1423\" class=\"elementor-tab-content elementor-clearfix\" data-tab=\"3\" role=\"region\" aria-labelledby=\"elementor-tab-title-1423\"><p data-pm-slice=\"1 1 []\">Hauptstra\u00dfe 4<br \/>0151 \/ 56 93 60 89<br \/>0951 \/ 18 53 82 10<br \/><a title=\"mailto:angelique.brink@iso-ev.de\" href=\"mailto:angelique.brink@iso-ev.de\" rel=\"noopener noreferrer nofollow\">angelique.brink@iso-ev.de<\/a><\/p>\n<p><a title=\"https:\/\/iso-ev.de\/familie\/quartiersarbeit\/generarationentreff-mittendrin\/\" href=\"https:\/\/iso-ev.de\/familie\/quartiersarbeit\/generarationentreff-mittendrin\/\" rel=\"noopener noreferrer nofollow\">https:\/\/iso-ev.de\/familie\/quartiersarbeit\/generarationentreff-mittendrin\/<\/a><\/p>\n<\/div>\n\t\t\t\t<\/div>\n\t\t\t\t\t\t\t<div class=\"elementor-accordion-item\">\n\t\t\t\t\t<div id=\"elementor-tab-title-1424\" class=\"elementor-tab-title\" data-tab=\"4\" role=\"button\" aria-controls=\"elementor-tab-content-1424\" aria-expanded=\"false\">\n\t\t\t\t\t\t\t\t\t\t\t\t\t<span class=\"elementor-accordion-icon elementor-accordion-icon-right\" aria-hidden=\"true\">\n\t\t\t\t\t\t\t\t\t\t\t\t\t\t\t<span class=\"elementor-accordion-icon-closed\"><i class=\"far fa-address-book\"><\/i><\/span>\n\t\t\t\t\t\t\t\t<span class=\"elementor-accordion-icon-opened\"><i class=\"far fa-address-book\"><\/i><\/span>\n\t\t\t\t\t\t\t\t\t\t\t\t\t\t<\/span>\n\t\t\t\t\t\t\t\t\t\t\t\t<a class=\"elementor-accordion-title\" tabindex=\"0\">Strullendorf: Mehrgenerationenhaus Strullendorf<\/a>\n\t\t\t\t\t<\/div>\n\t\t\t\t\t<div id=\"elementor-tab-content-1424\" class=\"elementor-tab-content elementor-clearfix\" data-tab=\"4\" role=\"region\" aria-labelledby=\"elementor-tab-title-1424\"><p data-pm-slice=\"1 1 []\">Kachelmann Platz 12<br \/>96129 Strullendorf<br \/>0152 \/ 54 92 88 56<br \/>09543 \/ 44 06 93<br \/><a title=\"mailto:mehrgenerationenhaus@iso-ev.de\" href=\"mailto:mehrgenerationenhaus@iso-ev.de\" rel=\"noopener noreferrer nofollow\">mehrgenerationenhaus@iso-ev.de<\/a><\/p>\n<\/div>\n\t\t\t\t<\/div>\n\t\t\t\t\t\t\t\t<\/div>\n\t\t\t\t\t\t<\/div>\n\t\t\t\t<\/div>\n\t\t\t\t<div class=\"elementor-element elementor-element-aeebb13 elementor-widget elementor-widget-heading\" data-id=\"aeebb13\" data-element_type=\"widget\" data-e-type=\"widget\" data-widget_type=\"heading.default\">\n\t\t\t\t<div class=\"elementor-widget-container\">\n\t\t\t\t\t<h2 class=\"elementor-heading-title elementor-size-default\">\u0645\u0643\u0627\u062a\u0628 \u0627\u0644\u0623\u062d\u064a\u0627\u0621 \u0627\u0644\u0633\u0643\u0646\u064a\u0629<\/h2>\t\t\t\t<\/div>\n\t\t\t\t<\/div>\n\t\t\t\t<div class=\"elementor-element elementor-element-bacb800 elementor-widget elementor-widget-text-editor\" data-id=\"bacb800\" data-element_type=\"widget\" data-e-type=\"widget\" data-widget_type=\"text-editor.default\">\n\t\t\t\t<div class=\"elementor-widget-container\">\n\t\t\t\t\t\t\t\t\t<p data-pm-slice=\"1 1 []\">\u0633\u0648\u0641 \u062a\u062c\u062f \u0641\u064a \u0645\u0643\u0627\u062a\u0628 \u0627\u0644\u0623\u062d\u064a\u0627\u0621 \u0627\u0644\u0633\u0643\u0646\u064a\u0629 \u0627\u0644\u0645\u0633\u0627\u0639\u062f\u0629 \u0628\u0634\u0623\u0646 \u0627\u0644\u0645\u0637\u0627\u0644\u0628 \u0627\u0644\u062a\u064a \u062a\u0624\u062b\u0631 \u0639\u0644\u0649 \u0645\u0646\u0637\u0642\u062a\u0643\u060c \u0648\u0627\u0644\u062d\u064a \u0627\u0644\u0630\u064a \u062a\u0639\u064a\u0634 \u0641\u064a\u0647\u060c \u0648\u0639\u0644\u0649 \u0635\u062d\u062a\u0643. \u0647\u0646\u0627\u0643 \u0644\u0642\u0627\u0621\u0627\u062a \u0644\u0644\u0643\u0628\u0627\u0631 \u0628\u0627\u0644\u0633\u0646\u060c \u0644\u0642\u0627\u0621\u0627\u062a \u0639\u0627\u0626\u0644\u064a\u0629 \u0648\u062f\u0648\u0631\u0627\u062a \u0631\u0642\u0635. \u064a\u0645\u0643\u0646\u0643 \u062a\u0646\u0632\u064a\u0644 \u0627\u0644\u0628\u0631\u0646\u0627\u0645\u062c \u0627\u0644\u0634\u0647\u0631\u064a \u0627\u0644\u062d\u0627\u0644\u064a \u0645\u0646 \u0627\u0644\u0645\u0648\u0642\u0639 \u0627\u0644\u0627\u0644\u0643\u062a\u0631\u0648\u0646\u064a.<\/p>\n\t\t\t\t\t\t\t\t<\/div>\n\t\t\t\t<\/div>\n\t\t\t\t<div class=\"elementor-element elementor-element-76589ad elementor-widget elementor-widget-accordion\" data-id=\"76589ad\" data-element_type=\"widget\" data-e-type=\"widget\" data-widget_type=\"accordion.default\">\n\t\t\t\t<div class=\"elementor-widget-container\">\n\t\t\t\t\t\t\t<div class=\"elementor-accordion\">\n\t\t\t\t\t\t\t<div class=\"elementor-accordion-item\">\n\t\t\t\t\t<div id=\"elementor-tab-title-1241\" class=\"elementor-tab-title\" data-tab=\"1\" role=\"button\" aria-controls=\"elementor-tab-content-1241\" aria-expanded=\"false\">\n\t\t\t\t\t\t\t\t\t\t\t\t\t<span class=\"elementor-accordion-icon elementor-accordion-icon-right\" aria-hidden=\"true\">\n\t\t\t\t\t\t\t\t\t\t\t\t\t\t\t<span class=\"elementor-accordion-icon-closed\"><i class=\"far fa-address-book\"><\/i><\/span>\n\t\t\t\t\t\t\t\t<span class=\"elementor-accordion-icon-opened\"><i class=\"far fa-address-book\"><\/i><\/span>\n\t\t\t\t\t\t\t\t\t\t\t\t\t\t<\/span>\n\t\t\t\t\t\t\t\t\t\t\t\t<a class=\"elementor-accordion-title\" tabindex=\"0\">Standort Bamberg Mitte<\/a>\n\t\t\t\t\t<\/div>\n\t\t\t\t\t<div id=\"elementor-tab-content-1241\" class=\"elementor-tab-content elementor-clearfix\" data-tab=\"1\" role=\"region\" aria-labelledby=\"elementor-tab-title-1241\"><p data-pm-slice=\"1 1 []\">Gesundheitszentrum am Heinrichsdamm<br \/>Heinrichstra\u00dfe 6<br \/>96047 Bamberg<\/p>\n<p data-pm-slice=\"1 1 []\">0951 \/ 50 33 21 30<\/p>\n<p><a title=\"https:\/\/www.sozialstiftung-bamberg.de\/quartiersbueros\/standort-bamberg-mitte\/\" href=\"https:\/\/www.sozialstiftung-bamberg.de\/quartiersbueros\/standort-bamberg-mitte\/\" rel=\"noopener noreferrer nofollow\">https:\/\/www.sozialstiftung-bamberg.de\/quartiersbueros\/standort-bamberg-mitte\/<\/a><\/p>\n<\/div>\n\t\t\t\t<\/div>\n\t\t\t\t\t\t\t<div class=\"elementor-accordion-item\">\n\t\t\t\t\t<div id=\"elementor-tab-title-1242\" class=\"elementor-tab-title\" data-tab=\"2\" role=\"button\" aria-controls=\"elementor-tab-content-1242\" aria-expanded=\"false\">\n\t\t\t\t\t\t\t\t\t\t\t\t\t<span class=\"elementor-accordion-icon elementor-accordion-icon-right\" aria-hidden=\"true\">\n\t\t\t\t\t\t\t\t\t\t\t\t\t\t\t<span class=\"elementor-accordion-icon-closed\"><i class=\"far fa-address-book\"><\/i><\/span>\n\t\t\t\t\t\t\t\t<span class=\"elementor-accordion-icon-opened\"><i class=\"far fa-address-book\"><\/i><\/span>\n\t\t\t\t\t\t\t\t\t\t\t\t\t\t<\/span>\n\t\t\t\t\t\t\t\t\t\t\t\t<a class=\"elementor-accordion-title\" tabindex=\"0\">Standort Michelsberg<\/a>\n\t\t\t\t\t<\/div>\n\t\t\t\t\t<div id=\"elementor-tab-content-1242\" class=\"elementor-tab-content elementor-clearfix\" data-tab=\"2\" role=\"region\" aria-labelledby=\"elementor-tab-title-1242\"><p data-pm-slice=\"1 1 []\">St.-Getreu-Stra\u00dfe 1<br \/>96049 Bamberg<\/p>\n<p data-pm-slice=\"1 1 []\">0951 \/ 50 33 31 03<\/p>\n<p><a title=\"https:\/\/www.sozialstiftung-bamberg.de\/quartiersbueros\/standort-michelsberg\/\" href=\"https:\/\/www.sozialstiftung-bamberg.de\/quartiersbueros\/standort-michelsberg\/\" rel=\"noopener noreferrer nofollow\">https:\/\/www.sozialstiftung-bamberg.de\/quartiersbueros\/standort-michelsberg\/<\/a><\/p>\n<\/div>\n\t\t\t\t<\/div>\n\t\t\t\t\t\t\t<div class=\"elementor-accordion-item\">\n\t\t\t\t\t<div id=\"elementor-tab-title-1243\" class=\"elementor-tab-title\" data-tab=\"3\" role=\"button\" aria-controls=\"elementor-tab-content-1243\" aria-expanded=\"false\">\n\t\t\t\t\t\t\t\t\t\t\t\t\t<span class=\"elementor-accordion-icon elementor-accordion-icon-right\" aria-hidden=\"true\">\n\t\t\t\t\t\t\t\t\t\t\t\t\t\t\t<span class=\"elementor-accordion-icon-closed\"><i class=\"far fa-address-book\"><\/i><\/span>\n\t\t\t\t\t\t\t\t<span class=\"elementor-accordion-icon-opened\"><i class=\"far fa-address-book\"><\/i><\/span>\n\t\t\t\t\t\t\t\t\t\t\t\t\t\t<\/span>\n\t\t\t\t\t\t\t\t\t\t\t\t<a class=\"elementor-accordion-title\" tabindex=\"0\">Standort Tivolischl\u00f6sschen<\/a>\n\t\t\t\t\t<\/div>\n\t\t\t\t\t<div id=\"elementor-tab-content-1243\" class=\"elementor-tab-content elementor-clearfix\" data-tab=\"3\" role=\"region\" aria-labelledby=\"elementor-tab-title-1243\"><p data-pm-slice=\"1 1 []\">Kloster-Langheim-Stra\u00dfe 3 <br \/>96050 Bamberg<\/p>\n<p data-pm-slice=\"1 1 []\">0951 \/ 96 43 91 47<\/p>\n<p><a title=\"https:\/\/www.sozialstiftung-bamberg.de\/quartiersbueros\/standort-tivolischloesschen\/\" href=\"https:\/\/www.sozialstiftung-bamberg.de\/quartiersbueros\/standort-tivolischloesschen\/\" rel=\"noopener noreferrer nofollow\">https:\/\/www.sozialstiftung-bamberg.de\/quartiersbueros\/standort-tivolischloesschen\/<\/a><\/p>\n<\/div>\n\t\t\t\t<\/div>\n\t\t\t\t\t\t\t<div class=\"elementor-accordion-item\">\n\t\t\t\t\t<div id=\"elementor-tab-title-1244\" class=\"elementor-tab-title\" data-tab=\"4\" role=\"button\" aria-controls=\"elementor-tab-content-1244\" aria-expanded=\"false\">\n\t\t\t\t\t\t\t\t\t\t\t\t\t<span class=\"elementor-accordion-icon elementor-accordion-icon-right\" aria-hidden=\"true\">\n\t\t\t\t\t\t\t\t\t\t\t\t\t\t\t<span class=\"elementor-accordion-icon-closed\"><i class=\"far fa-address-book\"><\/i><\/span>\n\t\t\t\t\t\t\t\t<span class=\"elementor-accordion-icon-opened\"><i class=\"far fa-address-book\"><\/i><\/span>\n\t\t\t\t\t\t\t\t\t\t\t\t\t\t<\/span>\n\t\t\t\t\t\t\t\t\t\t\t\t<a class=\"elementor-accordion-title\" tabindex=\"0\">Standort Ulanenpark<\/a>\n\t\t\t\t\t<\/div>\n\t\t\t\t\t<div id=\"elementor-tab-content-1244\" class=\"elementor-tab-content elementor-clearfix\" data-tab=\"4\" role=\"region\" aria-labelledby=\"elementor-tab-title-1244\"><p data-pm-slice=\"1 1 []\">Hans-Sch\u00fctz-Stra\u00dfe 3 <br \/>96050 Bamberg<\/p>\n<p data-pm-slice=\"1 1 []\">0951 \/ 96 43 36 41<\/p>\n<p><a title=\"https:\/\/www.sozialstiftung-bamberg.de\/quartiersbueros\/standort-ulanenpark\/\" href=\"https:\/\/www.sozialstiftung-bamberg.de\/quartiersbueros\/standort-ulanenpark\/\" rel=\"noopener noreferrer nofollow\">https:\/\/www.sozialstiftung-bamberg.de\/quartiersbueros\/standort-ulanenpark\/<\/a><\/p>\n<\/div>\n\t\t\t\t<\/div>\n\t\t\t\t\t\t\t\t<\/div>\n\t\t\t\t\t\t<\/div>\n\t\t\t\t<\/div>\n\t\t\t\t<div class=\"elementor-element elementor-element-93132e0 elementor-widget elementor-widget-heading\" data-id=\"93132e0\" data-element_type=\"widget\" data-e-type=\"widget\" data-widget_type=\"heading.default\">\n\t\t\t\t<div class=\"elementor-widget-container\">\n\t\t\t\t\t<h2 class=\"elementor-heading-title elementor-size-default\">\u0642\u0648\u0627\u0639\u062f \u0627\u0644\u0623\u0633\u0631\u0629 Familienst\u00fctzpunkte<\/h2>\t\t\t\t<\/div>\n\t\t\t\t<\/div>\n\t\t\t\t<div class=\"elementor-element elementor-element-18f159e elementor-widget elementor-widget-text-editor\" data-id=\"18f159e\" data-element_type=\"widget\" data-e-type=\"widget\" data-widget_type=\"text-editor.default\">\n\t\t\t\t<div class=\"elementor-widget-container\">\n\t\t\t\t\t\t\t\t\t<p data-pm-slice=\"1 3 []\">\u0642\u0627\u0639\u062f\u0629 \u0627\u0644\u0623\u0633\u0631\u0629 \u0647\u064a \u0645\u0643\u0627\u0646 \u064a\u062a\u0645 \u0641\u064a\u0647 \u0627\u0644\u062a\u0631\u062d\u064a\u0628 \u0628\u0627\u0644\u0639\u0627\u0626\u0644\u0627\u062a. \u0647\u0646\u0627\u0643 \u0627\u0644\u0639\u062f\u064a\u062f \u0645\u0646 \u0627\u0644\u0639\u0631\u0648\u0636 \u0648\u0627\u0644\u0645\u0633\u0627\u0639\u062f\u0627\u062a \u0644\u0644\u0635\u063a\u0627\u0631 \u0648\u0627\u0644\u0643\u0628\u0627\u0631. \u0625\u0630\u0627 \u0643\u0646\u062a \u062a\u0631\u063a\u0628 \u0628\u0628\u0633\u0627\u0637\u0629 \u0641\u064a \u0627\u0644\u0644\u0642\u0627\u0621 \u0623\u0648 \u0625\u0630\u0627 \u0643\u0627\u0646\u062a \u0644\u062f\u064a\u0643 \u0623\u0633\u0626\u0644\u0629\u060c \u0641\u0642\u062f \u0648\u0635\u0644\u062a \u0625\u0644\u0649 \u0627\u0644\u0645\u0643\u0627\u0646 \u0627\u0644\u0635\u062d\u064a\u062d. \u0645\u0627\u0630\u0627 \u064a\u0648\u062c\u062f \u0641\u064a \u0642\u0627\u0639\u062f\u0629 \u0627\u0644\u0623\u0633\u0631\u0629\u061f<\/p>\n<ul>\n<li>\n<p>\u0645\u062c\u0645\u0648\u0639\u0627\u062a \u0644\u0639\u0628 \u0627\u0644\u0623\u0637\u0641\u0627\u0644<\/p>\n<\/li>\n<li>\n<p>\u0641\u0639\u0627\u0644\u064a\u0627\u062a<\/p>\n<\/li>\n<li>\n<p>\u0646\u0642\u0637\u0629 \u0644\u0642\u0627\u0621 \u0623\u0648 \u0645\u0642\u0647\u0649<\/p>\n<\/li>\n<li>\n<p>\u0627\u0644\u0631\u064a\u0627\u0636\u0629 \u0648\u0627\u0644\u062f\u0648\u0631\u0627\u062a<\/p>\n<\/li>\n<li>\n<p>\u0627\u0633\u062a\u0634\u0627\u0631\u0629 \u0644\u0623\u0637\u0641\u0627\u0644 \u0627\u0644\u0645\u062f\u0627\u0631\u0633<\/p>\n<\/li>\n<li>\n<p>\u0645\u0633\u0627\u0639\u062f\u0629 \u0641\u064a \u0627\u0644\u0645\u0634\u0627\u0643\u0644 \u0648\u0627\u0644\u0642\u0631\u0627\u0631\u0627\u062a \u0627\u0644\u0635\u0639\u0628\u0629<\/p>\n<\/li>\n<li>\n<p>\u0627\u0644\u062f\u0639\u0645 \u0641\u064a \u0627\u0644\u062a\u0631\u0628\u064a\u0629<\/p>\n<\/li>\n<li>\n<p>\u0645\u0631\u0643\u0632 \u0627\u0644\u0634\u0628\u0627\u0628<\/p>\n<\/li>\n<li>\n<p>\u0645\u0631\u0627\u0643\u0632 \u0627\u0644\u0631\u0639\u0627\u064a\u0629 \u0627\u0644\u0646\u0647\u0627\u0631\u064a\u0629 (\u0627\u0644\u0631\u0648\u0636\u0627\u062a)<\/p>\n<\/li>\n<\/ul>\n\t\t\t\t\t\t\t\t<\/div>\n\t\t\t\t<\/div>\n\t\t\t\t<div class=\"elementor-element elementor-element-339c9643 elementor-widget elementor-widget-heading\" data-id=\"339c9643\" data-element_type=\"widget\" data-e-type=\"widget\" data-widget_type=\"heading.default\">\n\t\t\t\t<div class=\"elementor-widget-container\">\n\t\t\t\t\t<h3 class=\"elementor-heading-title elementor-size-default\">\u0641\u064a \u0645\u062f\u064a\u0646\u0629 \u0628\u0627\u0645\u0628\u0631\u063a<\/h3>\t\t\t\t<\/div>\n\t\t\t\t<\/div>\n\t\t\t\t<div class=\"elementor-element elementor-element-6df4a896 elementor-widget elementor-widget-accordion\" data-id=\"6df4a896\" data-element_type=\"widget\" data-e-type=\"widget\" data-widget_type=\"accordion.default\">\n\t\t\t\t<div class=\"elementor-widget-container\">\n\t\t\t\t\t\t\t<div class=\"elementor-accordion\">\n\t\t\t\t\t\t\t<div class=\"elementor-accordion-item\">\n\t\t\t\t\t<div id=\"elementor-tab-title-1841\" class=\"elementor-tab-title\" data-tab=\"1\" role=\"button\" aria-controls=\"elementor-tab-content-1841\" aria-expanded=\"false\">\n\t\t\t\t\t\t\t\t\t\t\t\t\t<span class=\"elementor-accordion-icon elementor-accordion-icon-right\" aria-hidden=\"true\">\n\t\t\t\t\t\t\t\t\t\t\t\t\t\t\t<span class=\"elementor-accordion-icon-closed\"><i class=\"far fa-address-book\"><\/i><\/span>\n\t\t\t\t\t\t\t\t<span class=\"elementor-accordion-icon-opened\"><i class=\"far fa-address-book\"><\/i><\/span>\n\t\t\t\t\t\t\t\t\t\t\t\t\t\t<\/span>\n\t\t\t\t\t\t\t\t\t\t\t\t<a class=\"elementor-accordion-title\" tabindex=\"0\">Familienst\u00fctzpunkt - SkF Bamberg e. V.<\/a>\n\t\t\t\t\t<\/div>\n\t\t\t\t\t<div id=\"elementor-tab-content-1841\" class=\"elementor-tab-content elementor-clearfix\" data-tab=\"1\" role=\"region\" aria-labelledby=\"elementor-tab-title-1841\"><p data-pm-slice=\"1 1 []\">Heiliggrabstra\u00dfe 14 <br \/>96052 Bamberg <br \/>0951 \/ 9 86 87 41  <br \/><a href=\"mailto:fsp@skf-bamberg.de\" target=\"_blank\" rel=\"noopener\">fsp@skf-bamberg.de<\/a><br \/><a title=\"https:\/\/www.skf-bamberg.de\/de\/einrichtungen\/kinder-jugend-und-familienhilfe\/familienstuetzpunkt\/\" href=\"https:\/\/www.skf-bamberg.de\/de\/einrichtungen\/kinder-jugend-und-familienhilfe\/familienstuetzpunkt\/\" target=\"_blank\" rel=\"noopener noreferrer nofollow\">https:\/\/www.skf-bamberg.de\/de\/einrichtungen\/kinder-jugend-und-familienhilfe\/familienstuetzpunkt\/<\/a><\/p>\n<\/div>\n\t\t\t\t<\/div>\n\t\t\t\t\t\t\t<div class=\"elementor-accordion-item\">\n\t\t\t\t\t<div id=\"elementor-tab-title-1842\" class=\"elementor-tab-title\" data-tab=\"2\" role=\"button\" aria-controls=\"elementor-tab-content-1842\" aria-expanded=\"false\">\n\t\t\t\t\t\t\t\t\t\t\t\t\t<span class=\"elementor-accordion-icon elementor-accordion-icon-right\" aria-hidden=\"true\">\n\t\t\t\t\t\t\t\t\t\t\t\t\t\t\t<span class=\"elementor-accordion-icon-closed\"><i class=\"far fa-address-book\"><\/i><\/span>\n\t\t\t\t\t\t\t\t<span class=\"elementor-accordion-icon-opened\"><i class=\"far fa-address-book\"><\/i><\/span>\n\t\t\t\t\t\t\t\t\t\t\t\t\t\t<\/span>\n\t\t\t\t\t\t\t\t\t\t\t\t<a class=\"elementor-accordion-title\" tabindex=\"0\">Familienst\u00fctzpunkt Bamberg (im AWO Kinderhaus Am Hauptsmoorwald)<\/a>\n\t\t\t\t\t<\/div>\n\t\t\t\t\t<div id=\"elementor-tab-content-1842\" class=\"elementor-tab-content elementor-clearfix\" data-tab=\"2\" role=\"region\" aria-labelledby=\"elementor-tab-title-1842\"><p data-pm-slice=\"1 1 []\">Hauptsmoorstra\u00dfe 26 b<br \/>96052 Bamberg<br \/>0151 \/ 27 64 52 27<br \/><a href=\"mailto:bamberg@fsp.awo-bamberg.de\" target=\"_blank\" rel=\"noopener\">bamberg@fsp.awo-bamberg.de<\/a><br \/><a title=\"https:\/\/awo-bamberg.de\/kinder-jugend-und-familie\/beratung\/familienstuetzpunkte\/\" href=\"https:\/\/awo-bamberg.de\/kinder-jugend-und-familie\/beratung\/familienstuetzpunkte\/\" target=\"_blank\" rel=\"noopener noreferrer nofollow\">https:\/\/awo-bamberg.de\/kinder-jugend-und-familie\/beratung\/familienstuetzpunkte\/<\/a><\/p>\n<\/div>\n\t\t\t\t<\/div>\n\t\t\t\t\t\t\t\t<\/div>\n\t\t\t\t\t\t<\/div>\n\t\t\t\t<\/div>\n\t\t\t\t<div class=\"elementor-element elementor-element-a4f6dd1 elementor-widget elementor-widget-heading\" data-id=\"a4f6dd1\" data-element_type=\"widget\" data-e-type=\"widget\" data-widget_type=\"heading.default\">\n\t\t\t\t<div class=\"elementor-widget-container\">\n\t\t\t\t\t<h3 class=\"elementor-heading-title elementor-size-default\">Im Landkreis Bamberg<\/h3>\t\t\t\t<\/div>\n\t\t\t\t<\/div>\n\t\t\t\t<div class=\"elementor-element elementor-element-abfa56f elementor-widget elementor-widget-accordion\" data-id=\"abfa56f\" data-element_type=\"widget\" data-e-type=\"widget\" data-widget_type=\"accordion.default\">\n\t\t\t\t<div class=\"elementor-widget-container\">\n\t\t\t\t\t\t\t<div class=\"elementor-accordion\">\n\t\t\t\t\t\t\t<div class=\"elementor-accordion-item\">\n\t\t\t\t\t<div id=\"elementor-tab-title-1801\" class=\"elementor-tab-title\" data-tab=\"1\" role=\"button\" aria-controls=\"elementor-tab-content-1801\" aria-expanded=\"false\">\n\t\t\t\t\t\t\t\t\t\t\t\t\t<span class=\"elementor-accordion-icon elementor-accordion-icon-right\" aria-hidden=\"true\">\n\t\t\t\t\t\t\t\t\t\t\t\t\t\t\t<span class=\"elementor-accordion-icon-closed\"><i class=\"far fa-address-book\"><\/i><\/span>\n\t\t\t\t\t\t\t\t<span class=\"elementor-accordion-icon-opened\"><i class=\"far fa-address-book\"><\/i><\/span>\n\t\t\t\t\t\t\t\t\t\t\t\t\t\t<\/span>\n\t\t\t\t\t\t\t\t\t\t\t\t<a class=\"elementor-accordion-title\" tabindex=\"0\">Familienzentrum Hager Villa - Buttenheim<\/a>\n\t\t\t\t\t<\/div>\n\t\t\t\t\t<div id=\"elementor-tab-content-1801\" class=\"elementor-tab-content elementor-clearfix\" data-tab=\"1\" role=\"region\" aria-labelledby=\"elementor-tab-title-1801\"><p data-pm-slice=\"1 1 []\">Hauptstra\u00dfe 60<br \/>96115 Buttenheim<br \/>09545 \/ 3 59 85 89<br \/><a href=\"mailto:familienstuetzpunkt@buttenheim.de\" target=\"_blank\" rel=\"noopener\">familienstuetzpunkt@buttenheim.de<\/a><br \/><a title=\"https:\/\/www.buttenheim.de\/Startseite\/Leben-und-Wohnen\/Familienzentrum-Hager-Villa\/Familienstuetzpunkt\/K231.htm\" href=\"https:\/\/www.buttenheim.de\/Startseite\/Leben-und-Wohnen\/Familienzentrum-Hager-Villa\/Familienstuetzpunkt\/K231.htm\" target=\"_blank\" rel=\"noopener noreferrer nofollow\">https:\/\/www.buttenheim.de\/Startseite\/Leben-und-Wohnen\/Familienzentrum-Hager-Villa\/Familienstuetzpunkt\/K231.htm<\/a><\/p>\n<\/div>\n\t\t\t\t<\/div>\n\t\t\t\t\t\t\t<div class=\"elementor-accordion-item\">\n\t\t\t\t\t<div id=\"elementor-tab-title-1802\" class=\"elementor-tab-title\" data-tab=\"2\" role=\"button\" aria-controls=\"elementor-tab-content-1802\" aria-expanded=\"false\">\n\t\t\t\t\t\t\t\t\t\t\t\t\t<span class=\"elementor-accordion-icon elementor-accordion-icon-right\" aria-hidden=\"true\">\n\t\t\t\t\t\t\t\t\t\t\t\t\t\t\t<span class=\"elementor-accordion-icon-closed\"><i class=\"far fa-address-book\"><\/i><\/span>\n\t\t\t\t\t\t\t\t<span class=\"elementor-accordion-icon-opened\"><i class=\"far fa-address-book\"><\/i><\/span>\n\t\t\t\t\t\t\t\t\t\t\t\t\t\t<\/span>\n\t\t\t\t\t\t\t\t\t\t\t\t<a class=\"elementor-accordion-title\" tabindex=\"0\">Mehrgenerationenhaus - Strullendorf<\/a>\n\t\t\t\t\t<\/div>\n\t\t\t\t\t<div id=\"elementor-tab-content-1802\" class=\"elementor-tab-content elementor-clearfix\" data-tab=\"2\" role=\"region\" aria-labelledby=\"elementor-tab-title-1802\"><p data-pm-slice=\"1 1 []\">Kachelmann Platz 12<br \/>96129 Strullendorf<br \/>09543 \/ 44 06 93<br \/><a href=\"mailto:mehrgenerationenhaus@iso-ev.de\" target=\"_blank\" rel=\"noopener\">mehrgenerationenhaus@iso-ev.de<\/a><br \/><a title=\"https:\/\/www.strullendorf.de\/gemeinde\/index.php\/infrastruktur\/oeffentliche-einrichtungen\/bildung-betreuung\/391-mehrgenerationenhaus\" href=\"https:\/\/www.strullendorf.de\/gemeinde\/index.php\/infrastruktur\/oeffentliche-einrichtungen\/bildung-betreuung\/391-mehrgenerationenhaus\" target=\"_blank\" rel=\"noopener noreferrer nofollow\">https:\/\/www.strullendorf.de\/gemeinde\/index.php\/infrastruktur\/oeffentliche-einrichtungen\/bildung-betreuung\/391-mehrgenerationenhaus<\/a><\/p>\n<\/div>\n\t\t\t\t<\/div>\n\t\t\t\t\t\t\t<div class=\"elementor-accordion-item\">\n\t\t\t\t\t<div id=\"elementor-tab-title-1803\" class=\"elementor-tab-title\" data-tab=\"3\" role=\"button\" aria-controls=\"elementor-tab-content-1803\" aria-expanded=\"false\">\n\t\t\t\t\t\t\t\t\t\t\t\t\t<span class=\"elementor-accordion-icon elementor-accordion-icon-right\" aria-hidden=\"true\">\n\t\t\t\t\t\t\t\t\t\t\t\t\t\t\t<span class=\"elementor-accordion-icon-closed\"><i class=\"far fa-address-book\"><\/i><\/span>\n\t\t\t\t\t\t\t\t<span class=\"elementor-accordion-icon-opened\"><i class=\"far fa-address-book\"><\/i><\/span>\n\t\t\t\t\t\t\t\t\t\t\t\t\t\t<\/span>\n\t\t\t\t\t\t\t\t\t\t\t\t<a class=\"elementor-accordion-title\" tabindex=\"0\">Netzwerk e.V. f\u00fcr Kinder und Jugendliche - Hirschaid<\/a>\n\t\t\t\t\t<\/div>\n\t\t\t\t\t<div id=\"elementor-tab-content-1803\" class=\"elementor-tab-content elementor-clearfix\" data-tab=\"3\" role=\"region\" aria-labelledby=\"elementor-tab-title-1803\"><p data-pm-slice=\"1 1 []\">N\u00fcrnberger Stra\u00dfe 48<br \/>96114 Hirschaid<br \/>09543 \/ 74 66<br \/><a href=\"mailto:info@netzwerk-hirschaid.de\" target=\"_blank\" rel=\"noopener\">info@netzwerk-hirschaid.de<\/a><br \/><a title=\"https:\/\/www.netzwerk-hirschaid.de\/seite\/401655\/familien-st%C3%BCtzpunkt.html\" href=\"https:\/\/www.netzwerk-hirschaid.de\/seite\/401655\/familien-st%C3%BCtzpunkt.html\" target=\"_blank\" rel=\"noopener noreferrer nofollow\">https:\/\/www.netzwerk-hirschaid.de\/seite\/401655\/familien-st\u00fctzpunkt.html<\/a><\/p>\n<\/div>\n\t\t\t\t<\/div>\n\t\t\t\t\t\t\t<div class=\"elementor-accordion-item\">\n\t\t\t\t\t<div id=\"elementor-tab-title-1804\" class=\"elementor-tab-title\" data-tab=\"4\" role=\"button\" aria-controls=\"elementor-tab-content-1804\" aria-expanded=\"false\">\n\t\t\t\t\t\t\t\t\t\t\t\t\t<span class=\"elementor-accordion-icon elementor-accordion-icon-right\" aria-hidden=\"true\">\n\t\t\t\t\t\t\t\t\t\t\t\t\t\t\t<span class=\"elementor-accordion-icon-closed\"><i class=\"far fa-address-book\"><\/i><\/span>\n\t\t\t\t\t\t\t\t<span class=\"elementor-accordion-icon-opened\"><i class=\"far fa-address-book\"><\/i><\/span>\n\t\t\t\t\t\t\t\t\t\t\t\t\t\t<\/span>\n\t\t\t\t\t\t\t\t\t\t\t\t<a class=\"elementor-accordion-title\" tabindex=\"0\">Familienst\u00fctzpunkt - Frensdorf (im AWO Kinderhaus St. Elisabeth)<\/a>\n\t\t\t\t\t<\/div>\n\t\t\t\t\t<div id=\"elementor-tab-content-1804\" class=\"elementor-tab-content elementor-clearfix\" data-tab=\"4\" role=\"region\" aria-labelledby=\"elementor-tab-title-1804\"><p data-pm-slice=\"1 1 []\">Elisabethenstra\u00dfe 3<br \/>96158 Frensdorf<br \/>09 502 \/ 92 43 972<br \/><a href=\"mailto:frensdorf@fsp.awo-bamberg.de\" target=\"_blank\" rel=\"noopener\">frensdorf@fsp.awo-bamberg.de<\/a><br \/><a title=\"https:\/\/awo-bamberg.de\/kinder-jugend-und-familie\/beratung\/familienstuetzpunkte\/\" href=\"https:\/\/awo-bamberg.de\/kinder-jugend-und-familie\/beratung\/familienstuetzpunkte\/\" target=\"_blank\" rel=\"noopener noreferrer nofollow\">https:\/\/awo-bamberg.de\/kinder-jugend-und-familie\/beratung\/familienstuetzpunkte\/<\/a><\/p>\n<\/div>\n\t\t\t\t<\/div>\n\t\t\t\t\t\t\t<div class=\"elementor-accordion-item\">\n\t\t\t\t\t<div id=\"elementor-tab-title-1805\" class=\"elementor-tab-title\" data-tab=\"5\" role=\"button\" aria-controls=\"elementor-tab-content-1805\" aria-expanded=\"false\">\n\t\t\t\t\t\t\t\t\t\t\t\t\t<span class=\"elementor-accordion-icon elementor-accordion-icon-right\" aria-hidden=\"true\">\n\t\t\t\t\t\t\t\t\t\t\t\t\t\t\t<span class=\"elementor-accordion-icon-closed\"><i class=\"far fa-address-book\"><\/i><\/span>\n\t\t\t\t\t\t\t\t<span class=\"elementor-accordion-icon-opened\"><i class=\"far fa-address-book\"><\/i><\/span>\n\t\t\t\t\t\t\t\t\t\t\t\t\t\t<\/span>\n\t\t\t\t\t\t\t\t\t\t\t\t<a class=\"elementor-accordion-title\" tabindex=\"0\">Familienst\u00fctzpunkt Kath. Haus des Kindes - Aschbach<\/a>\n\t\t\t\t\t<\/div>\n\t\t\t\t\t<div id=\"elementor-tab-content-1805\" class=\"elementor-tab-content elementor-clearfix\" data-tab=\"5\" role=\"region\" aria-labelledby=\"elementor-tab-title-1805\"><p data-pm-slice=\"1 1 []\">Freiherr-von-P\u00f6lnitz-Stra\u00dfe 4<br \/>96132 Aschbach<br \/>0 95 55 \/ 13 29<br \/><a href=\"mailto:pfarrei.aschbach@erzbistum-bamberg.de\" target=\"_blank\" rel=\"noopener\">pfarrei.aschbach@erzbistum-bamberg.de<\/a><br \/><a title=\"https:\/\/st-marien-aschbach.kirche-bamberg.de\/kindertagesstaette\/\" href=\"https:\/\/st-marien-aschbach.kirche-bamberg.de\/kindertagesstaette\/\" target=\"_blank\" rel=\"noopener noreferrer nofollow\">https:\/\/st-marien-aschbach.kirche-bamberg.de\/kindertagesstaette\/<\/a><\/p>\n<\/div>\n\t\t\t\t<\/div>\n\t\t\t\t\t\t\t<div class=\"elementor-accordion-item\">\n\t\t\t\t\t<div id=\"elementor-tab-title-1806\" class=\"elementor-tab-title\" data-tab=\"6\" role=\"button\" aria-controls=\"elementor-tab-content-1806\" aria-expanded=\"false\">\n\t\t\t\t\t\t\t\t\t\t\t\t\t<span class=\"elementor-accordion-icon elementor-accordion-icon-right\" aria-hidden=\"true\">\n\t\t\t\t\t\t\t\t\t\t\t\t\t\t\t<span class=\"elementor-accordion-icon-closed\"><i class=\"far fa-address-book\"><\/i><\/span>\n\t\t\t\t\t\t\t\t<span class=\"elementor-accordion-icon-opened\"><i class=\"far fa-address-book\"><\/i><\/span>\n\t\t\t\t\t\t\t\t\t\t\t\t\t\t<\/span>\n\t\t\t\t\t\t\t\t\t\t\t\t<a class=\"elementor-accordion-title\" tabindex=\"0\">Familienst\u00fctzpunkt Kath. Haus des Kindes St. Sebastian - Reichmannsdorf<\/a>\n\t\t\t\t\t<\/div>\n\t\t\t\t\t<div id=\"elementor-tab-content-1806\" class=\"elementor-tab-content elementor-clearfix\" data-tab=\"6\" role=\"region\" aria-labelledby=\"elementor-tab-title-1806\"><p data-pm-slice=\"1 1 []\">Schmiedsberg 6-8<br \/>96132 Schl\u00fcsselfeld \/ Reichmannsdorf<br \/>09546 \/ 13 77<br \/><a href=\"mailto:st-sebastian.reichmannsdorf@kita.erzbistum-bamberg.de\" target=\"_blank\" rel=\"noopener\">st-sebastian.reichmannsdorf@kita.erzbistum-bamberg.de<\/a><br \/><a title=\"https:\/\/www.kita-reichmannsdorf.de\/konzeption\/Familienstuetzpunkt.html\" href=\"https:\/\/www.kita-reichmannsdorf.de\/konzeption\/Familienstuetzpunkt.html\" target=\"_blank\" rel=\"noopener noreferrer nofollow\">https:\/\/www.kita-reichmannsdorf.de\/konzeption\/Familienstuetzpunkt.html<\/a><\/p>\n<\/div>\n\t\t\t\t<\/div>\n\t\t\t\t\t\t\t<div class=\"elementor-accordion-item\">\n\t\t\t\t\t<div id=\"elementor-tab-title-1807\" class=\"elementor-tab-title\" data-tab=\"7\" role=\"button\" aria-controls=\"elementor-tab-content-1807\" aria-expanded=\"false\">\n\t\t\t\t\t\t\t\t\t\t\t\t\t<span class=\"elementor-accordion-icon elementor-accordion-icon-right\" aria-hidden=\"true\">\n\t\t\t\t\t\t\t\t\t\t\t\t\t\t\t<span class=\"elementor-accordion-icon-closed\"><i class=\"far fa-address-book\"><\/i><\/span>\n\t\t\t\t\t\t\t\t<span class=\"elementor-accordion-icon-opened\"><i class=\"far fa-address-book\"><\/i><\/span>\n\t\t\t\t\t\t\t\t\t\t\t\t\t\t<\/span>\n\t\t\t\t\t\t\t\t\t\t\t\t<a class=\"elementor-accordion-title\" tabindex=\"0\">Familienst\u00fctzpunkt Kindergarten St. Anna - Priesendorf<\/a>\n\t\t\t\t\t<\/div>\n\t\t\t\t\t<div id=\"elementor-tab-content-1807\" class=\"elementor-tab-content elementor-clearfix\" data-tab=\"7\" role=\"region\" aria-labelledby=\"elementor-tab-title-1807\"><p data-pm-slice=\"1 1 []\">Am Kindergarten 1<br \/>96170 Priesendorf<br \/>09549 \/ 98 97 69 0<br \/><a href=\"mailto:st-anna.priesendorf@kita.erzbistum-bamberg.de\" target=\"_blank\" rel=\"noopener\">st-anna.priesendorf@kita.erzbistum-bamberg.de<\/a><br \/><a title=\"https:\/\/kiga-priesendorf.de\/qualitaet\/FSP-Caritas\/\" href=\"https:\/\/kiga-priesendorf.de\/qualitaet\/FSP-Caritas\/\" target=\"_blank\" rel=\"noopener noreferrer nofollow\">https:\/\/kiga-priesendorf.de\/qualitaet\/FSP-Caritas\/<\/a><\/p>\n<\/div>\n\t\t\t\t<\/div>\n\t\t\t\t\t\t\t<div class=\"elementor-accordion-item\">\n\t\t\t\t\t<div id=\"elementor-tab-title-1808\" class=\"elementor-tab-title\" data-tab=\"8\" role=\"button\" aria-controls=\"elementor-tab-content-1808\" aria-expanded=\"false\">\n\t\t\t\t\t\t\t\t\t\t\t\t\t<span class=\"elementor-accordion-icon elementor-accordion-icon-right\" aria-hidden=\"true\">\n\t\t\t\t\t\t\t\t\t\t\t\t\t\t\t<span class=\"elementor-accordion-icon-closed\"><i class=\"far fa-address-book\"><\/i><\/span>\n\t\t\t\t\t\t\t\t<span class=\"elementor-accordion-icon-opened\"><i class=\"far fa-address-book\"><\/i><\/span>\n\t\t\t\t\t\t\t\t\t\t\t\t\t\t<\/span>\n\t\t\t\t\t\t\t\t\t\t\t\t<a class=\"elementor-accordion-title\" tabindex=\"0\">Familienst\u00fctzpunkt Haus f\u00fcr Kinder St. Jakobus - K\u00f6nigsfeld<\/a>\n\t\t\t\t\t<\/div>\n\t\t\t\t\t<div id=\"elementor-tab-content-1808\" class=\"elementor-tab-content elementor-clearfix\" data-tab=\"8\" role=\"region\" aria-labelledby=\"elementor-tab-title-1808\"><p data-pm-slice=\"1 1 []\">Schulstra\u00dfe 11<br \/>96167 K\u00f6nigsfeld<br \/>09207 \/ 390<br \/><a href=\"mailto:st-jakobus.koenigsfeld@kita.erzbistum-bamberg.de\" target=\"_blank\" rel=\"noopener\">st-jakobus.koenigsfeld@kita.erzbistum-bamberg.de<\/a><br \/><a title=\"https:\/\/kita-koenigsfeld.de\/familienstuetzpunkt\/\" href=\"https:\/\/kita-koenigsfeld.de\/familienstuetzpunkt\/\" target=\"_blank\" rel=\"noopener noreferrer nofollow\">https:\/\/kita-koenigsfeld.de\/familienstuetzpunkt\/<\/a><\/p>\n<\/div>\n\t\t\t\t<\/div>\n\t\t\t\t\t\t\t\t<\/div>\n\t\t\t\t\t\t<\/div>\n\t\t\t\t<\/div>\n\t\t\t\t\t<\/div>\n\t\t<\/div>\n\t\t\t\t\t<\/div>\n\t\t<\/section>\n\t\t\t\t<section class=\"elementor-section elementor-top-section elementor-element elementor-element-29bf87c4 elementor-section-boxed elementor-section-height-default elementor-section-height-default\" data-id=\"29bf87c4\" data-element_type=\"section\" data-e-type=\"section\">\n\t\t\t\t\t\t<div class=\"elementor-container elementor-column-gap-default\">\n\t\t\t\t\t<div class=\"elementor-column elementor-col-100 elementor-top-column elementor-element elementor-element-76dbc57d\" data-id=\"76dbc57d\" data-element_type=\"column\" data-e-type=\"column\">\n\t\t\t<div class=\"elementor-widget-wrap\">\n\t\t\t\t\t\t\t<\/div>\n\t\t<\/div>\n\t\t\t\t\t<\/div>\n\t\t<\/section>\n\t\t\t\t<\/div>\n\t\t","protected":false},"excerpt":{"rendered":"<p>\u0627\u0644\u0644\u0642\u0627\u0621\u0627\u062a \u0648\u0623\u0645\u0627\u0643\u0646 \u0627\u0644\u0644\u0642\u0627\u0621 \u0644\u0627 \u062a\u0631\u064a\u062f \u0623\u0646 \u062a\u0643\u0648\u0646 \u0628\u0645\u0641\u0631\u062f\u0643\u060c \u0648\u0625\u0646\u0645\u0627 \u062a\u0631\u064a\u062f \u0627\u0644\u062a\u0639\u0631\u0641 \u0639\u0644\u0649 \u0627\u0644\u0646\u0627\u0633\u061f \u0633\u062a\u062c\u062f \u0647\u0646\u0627 \u0623\u0645\u0627\u0643\u0646 \u064a\u0645\u0643\u0646\u0643 \u0641\u064a\u0647\u0627 \u0642\u0636\u0627\u0621 \u0648\u0642\u062a\u0643 \u0645\u0639 \u0623\u0634\u062e\u0627\u0635 \u0622\u062e\u0631\u064a\u0646. \u0633\u062a\u062c\u062f \u0627\u0644\u0645\u0633\u0627\u0639\u062f\u0629\u060c \u0648\u0644\u0643\u0646\u0643 \u0633\u062a\u062c\u062f \u0623\u064a\u0636\u0627\u064b \u0639\u0631\u0648\u0636 \u0631\u0627\u0626\u0639\u0629 [&hellip;]<\/p>\n","protected":false},"author":6,"featured_media":0,"parent":7690,"menu_order":0,"comment_status":"closed","ping_status":"closed","template":"","meta":{"_angie_page":false,"_price":"","_stock":"","_tribe_ticket_header":"","_tribe_default_ticket_provider":"","_tribe_ticket_capacity":"0","_ticket_start_date":"","_ticket_end_date":"","_tribe_ticket_show_description":"","_tribe_ticket_show_not_going":false,"_tribe_ticket_use_global_stock":"","_tribe_ticket_global_stock_level":"","_global_stock_mode":"","_global_stock_cap":"","_tribe_rsvp_for_event":"","_tribe_ticket_going_count":"","_tribe_ticket_not_going_count":"","_tribe_tickets_list":"[]","_tribe_ticket_has_attendee_info_fields":false,"footnotes":""},"class_list":["post-8122","page","type-page","status-publish","hentry"],"_links":{"self":[{"href":"https:\/\/bamigra.de\/ar\/wp-json\/wp\/v2\/pages\/8122","targetHints":{"allow":["GET"]}}],"collection":[{"href":"https:\/\/bamigra.de\/ar\/wp-json\/wp\/v2\/pages"}],"about":[{"href":"https:\/\/bamigra.de\/ar\/wp-json\/wp\/v2\/types\/page"}],"author":[{"embeddable":true,"href":"https:\/\/bamigra.de\/ar\/wp-json\/wp\/v2\/users\/6"}],"replies":[{"embeddable":true,"href":"https:\/\/bamigra.de\/ar\/wp-json\/wp\/v2\/comments?post=8122"}],"version-history":[{"count":0,"href":"https:\/\/bamigra.de\/ar\/wp-json\/wp\/v2\/pages\/8122\/revisions"}],"up":[{"embeddable":true,"href":"https:\/\/bamigra.de\/ar\/wp-json\/wp\/v2\/pages\/7690"}],"wp:attachment":[{"href":"https:\/\/bamigra.de\/ar\/wp-json\/wp\/v2\/media?parent=8122"}],"curies":[{"name":"wp","href":"https:\/\/api.w.org\/{rel}","templated":true}]}}